{"id":1825,"date":"2021-03-10T13:06:00","date_gmt":"2021-03-10T12:06:00","guid":{"rendered":"http:\/\/sterkontruimingen.nl\/?page_id=1825"},"modified":"2024-05-27T08:06:20","modified_gmt":"2024-05-27T06:06:20","slug":"relokacja-seniorow","status":"publish","type":"page","link":"https:\/\/sterkontruimingen.nl\/pl\/seniorenverhuizing\/","title":{"rendered":"Starsza relokacja"},"content":{"rendered":"<h2 class=\"wp-block-heading\">Poszukiwany starszy przewo\u017anik?<\/h2>\n\n\n\n<p>STERK Evictions zajmuje si\u0119 r\u00f3wnie\u017c przeprowadzkami i eksmisjami na ma\u0142\u0105 skal\u0119 dla os\u00f3b, kt\u00f3re przeprowadzaj\u0105 si\u0119 do mniejszych mieszka\u0144, takich jak domy opieki lub domy spokojnej staro\u015bci. <\/p>\n\n\n\n<p>Planujesz przeprowadzk\u0119 seniora? Przeprowadzka senior\u00f3w to cz\u0119sto intensywna praca, kt\u00f3ra wymaga uwagi i zarz\u0105dzania. STERK ch\u0119tnie pomo\u017ce w przeprowadzce ojca, matki, dziadka lub babci. Robimy to, sprawiaj\u0105c, \u017ce przeprowadzka seniora jest tak bezstresowa, jak to tylko mo\u017cliwe. Aby przeprowadzka seniora przebieg\u0142a sprawnie i bezproblemowo, wymagana jest dodatkowa uwaga z naszej strony. <em>W ko\u0144cu dla senior\u00f3w przeprowadzka jest wystarczaj\u0105co stresuj\u0105ca.<\/em> Dlatego w STERK po\u015bwi\u0119camy Ci dodatkow\u0105 uwag\u0119. Dzi\u0119ki spokojniejszemu podej\u015bciu, wi\u0119kszej trosce o Ciebie i Twoje rzeczy oraz dodatkowym us\u0142ugom (takim jak <a href=\"http:\/\/sterkontruimingen.nl\/pl\/poruszanie-sie-z-demencja\/\" class=\"rank-math-link\">przeniesienie demencji<\/a> lub magazynu tymczasowego) zorganizujemy bezproblemow\u0105 przeprowadzk\u0119.<\/p>\n\n\n\n<p>Dodatkow\u0105 us\u0142ug\u0105 jest na przyk\u0142ad umieszczenie wszystkich rzeczy we w\u0142a\u015bciwym miejscu, ponowne pod\u0142\u0105czenie urz\u0105dze\u0144, a na \u017cyczenie pomalowanie \u015bcian, po\u0142o\u017cenie nowej pod\u0142ogi, a nawet \u015bcielenie \u0142\u00f3\u017cka. To sprawi, \u017ce poczujesz si\u0119 w nowym domu jak w domu i wiemy, \u017ce nie znajdziesz takiej us\u0142ugi u przeci\u0119tnych firm przeprowadzkowych. Dlatego STERK wyr\u00f3\u017cnia si\u0119 w tej dziedzinie.<\/p>\n\n\n\n<p>Przede wszystkim odwiedzamy klienta, aby si\u0119 z nim zapozna\u0107. Ponadto omawiamy wszystko z klientem. Co nale\u017cy zrobi\u0107? Co musi zosta\u0107, a co nie? Kiedy nast\u0105pi przeprowadzka? Czy s\u0105 jakie\u015b inne rzeczy, kt\u00f3re s\u0105 dla Ciebie wa\u017cne? W ten spos\u00f3b mo\u017cemy najlepiej dopasowa\u0107 si\u0119 do Twoich potrzeb. Ponadto b\u0119dziesz mie\u0107 jedn\u0105 sta\u0142\u0105 osob\u0119 kontaktow\u0105 przed, w trakcie i po przeprowadzce, kt\u00f3ra b\u0119dzie dost\u0119pna przez ca\u0142y czas w razie pyta\u0144. <\/p>\n\n\n\n<p>Nasi pracownicy s\u0105 specjalnie przeszkoleni, aby poradzi\u0107 sobie ze wszystkim, co wi\u0105\u017ce si\u0119 z przeprowadzk\u0105 seniora. Oczywi\u015bcie pakujemy wszystko starannie w pude\u0142ka lub w koce do przenoszenia z foli\u0105, aby nic nie uleg\u0142o uszkodzeniu, ale lubimy te\u017c rozmawia\u0107, aby informowa\u0107 Ci\u0119 na bie\u017c\u0105co. Ty zachowujesz kontrol\u0119. My s\u0142u\u017cymy pomoc\u0105.<\/p>\n\n\n\n<div class=\"wp-block-columns is-layout-flex wp-container-core-columns-is-layout-28f84493 wp-block-columns-is-layout-flex\">\n<div class=\"wp-block-column is-layout-flow wp-block-column-is-layout-flow\">\n<h3 class=\"wp-block-heading\">\u015amier\u0107<\/h3>\n\n\n\n<p>Sprz\u0105tanie domu po \u015bmierci partnera, cz\u0142onka rodziny lub przyjaciela wymaga wielu przygotowa\u0144. Mo\u017cemy pozby\u0107 si\u0119 zmartwie\u0144 zwi\u0105zanych z przeprowadzk\u0105.<\/p>\n\n\n\n<p><a href=\"http:\/\/sterkontruimingen.nl\/pl\/oproznianie-domu-po-smierci\/\" class=\"rank-math-link\">Przeczytaj wi\u0119cej o oczyszczaniu po \u015bmierci<\/a><\/p>\n<\/div>\n\n\n\n<div class=\"wp-block-column is-layout-flow wp-block-column-is-layout-flow\">\n<h3 class=\"wp-block-heading\">ODMOWA<\/h3>\n\n\n\n<p>Dodatkow\u0105 us\u0142ug\u0105 jest nasza specjalna us\u0142uga relokacji os\u00f3b z demencj\u0105. Aby u\u0142atwi\u0107 przeprowadzk\u0119 seniorom z demencj\u0105, odzwierciedlamy nowy dom dok\u0142adnie tak, jak stary. Nawet obrazy znajd\u0105 si\u0119 w tym samym miejscu.<\/p>\n\n\n\n<p><a href=\"http:\/\/sterkontruimingen.nl\/pl\/poruszanie-sie-z-demencja\/\" class=\"rank-math-link\">Przeczytaj wi\u0119cej o poruszaniu si\u0119 z demencj\u0105<\/a><\/p>\n<\/div>\n<\/div>\n\n\n\n<div class=\"wp-block-columns is-layout-flex wp-container-core-columns-is-layout-28f84493 wp-block-columns-is-layout-flex\">\n<div class=\"wp-block-column is-layout-flow wp-block-column-is-layout-flow\">\n<h3 class=\"wp-block-heading\">RELOKACJA WEWN\u0118TRZNA<\/h3>\n\n\n\n<p>STERK wspiera r\u00f3wnie\u017c bezpieczn\u0105 przeprowadzk\u0119 mienia w plac\u00f3wce opieku\u0144czej lub domu opieki. Nasze bogate do\u015bwiadczenie w zakresie przeprowadzek na ma\u0142\u0105 skal\u0119 pozwala nam po\u015bwi\u0119ci\u0107 przeprowadzce dodatkow\u0105 uwag\u0119.<\/p>\n\n\n\n<p><a class=\"rank-math-link\" href=\"http:\/\/sterkontruimingen.nl\/pl\/wewnetrzna-placowka-opieki-relokacyjnej\/\">Przeczytaj wi\u0119cej o relokacji wewn\u0119trznej<\/a><\/p>\n<\/div>\n\n\n\n<div class=\"wp-block-column is-layout-flow wp-block-column-is-layout-flow\">\n<h3 class=\"wp-block-heading\">tymczasowe przechowywanie<\/h3>\n\n\n\n<p>Nie wiesz jeszcze, co zrobi\u0107 z rzeczami pozosta\u0142ymi po przeprowadzce? W takim razie mo\u017cemy je tymczasowo przechowa\u0107. Dzi\u0119ki temu b\u0119dziesz mie\u0107 wystarczaj\u0105co du\u017co czasu na zastanowienie si\u0119.<\/p>\n<\/div>\n<\/div>\n\n\n\n<div class=\"wp-block-columns is-layout-flex wp-container-core-columns-is-layout-28f84493 wp-block-columns-is-layout-flex\">\n<div class=\"wp-block-column is-layout-flow wp-block-column-is-layout-flow\"><\/div>\n\n\n\n<div class=\"wp-block-column is-layout-flow wp-block-column-is-layout-flow\"><\/div>\n<\/div>","protected":false},"excerpt":{"rendered":"<p>Senioren verhuizer gezocht? STERK Ontruimingen verzorgd ook kleinschalige verhuizingen en ontruimingen voor mensen die kleiner gaan wonen in bijvoorbeeld een aanleunwoning of een verzorgingstehuis. Staat er een seniorenverhuizing op de planning? Het verhuizen van senioren is vaak een intensieve klus die aandacht en beleid vraagt. STERK helpt graag om uw vader, moeder, opa of oma [&hellip;]<\/p>\n","protected":false},"author":1,"featured_media":1838,"parent":0,"menu_order":0,"comment_status":"closed","ping_status":"closed","template":"","meta":{"inline_featured_image":false,"footnotes":""},"categories":[14],"tags":[],"class_list":["post-1825","page","type-page","status-publish","has-post-thumbnail","hentry","category-landingspaginas"],"blocksy_meta":{"styles_descriptor":{"styles":{"desktop":"","tablet":"","mobile":""},"google_fonts":[],"version":6}},"_links":{"self":[{"href":"https:\/\/sterkontruimingen.nl\/pl\/wp-json\/wp\/v2\/pages\/1825","targetHints":{"allow":["GET"]}}],"collection":[{"href":"https:\/\/sterkontruimingen.nl\/pl\/wp-json\/wp\/v2\/pages"}],"about":[{"href":"https:\/\/sterkontruimingen.nl\/pl\/wp-json\/wp\/v2\/types\/page"}],"author":[{"embeddable":true,"href":"https:\/\/sterkontruimingen.nl\/pl\/wp-json\/wp\/v2\/users\/1"}],"replies":[{"embeddable":true,"href":"https:\/\/sterkontruimingen.nl\/pl\/wp-json\/wp\/v2\/comments?post=1825"}],"version-history":[{"count":2,"href":"https:\/\/sterkontruimingen.nl\/pl\/wp-json\/wp\/v2\/pages\/1825\/revisions"}],"predecessor-version":[{"id":2832,"href":"https:\/\/sterkontruimingen.nl\/pl\/wp-json\/wp\/v2\/pages\/1825\/revisions\/2832"}],"wp:featuredmedia":[{"embeddable":true,"href":"https:\/\/sterkontruimingen.nl\/pl\/wp-json\/wp\/v2\/media\/1838"}],"wp:attachment":[{"href":"https:\/\/sterkontruimingen.nl\/pl\/wp-json\/wp\/v2\/media?parent=1825"}],"wp:term":[{"taxonomy":"category","embeddable":true,"href":"https:\/\/sterkontruimingen.nl\/pl\/wp-json\/wp\/v2\/categories?post=1825"},{"taxonomy":"post_tag","embeddable":true,"href":"https:\/\/sterkontruimingen.nl\/pl\/wp-json\/wp\/v2\/tags?post=1825"}],"curies":[{"name":"wp","href":"https:\/\/api.w.org\/{rel}","templated":true}]}}